{"id":3886,"date":"2017-11-03T09:22:48","date_gmt":"2017-11-03T09:22:48","guid":{"rendered":"http:\/\/nagrodyzeglarskie.szczecin.pl\/de\/?page_id=3886"},"modified":"2021-11-15T12:06:31","modified_gmt":"2021-11-15T12:06:31","slug":"preistraeger","status":"publish","type":"page","link":"https:\/\/nagrodyzeglarskie.szczecin.pl\/de\/preistraeger\/","title":{"rendered":"Preistr\u00e4ger"},"content":{"rendered":"<h2>Gewinner der 2021 Ausgabe<\/h2>\n<p><strong>Kapit\u00e4n-Ludomir-M\u0105czka-Preis<\/strong><\/p>\n<p>Jerzy Radomski<\/p>\n<p><strong>Seereise des Jahres \u2013 Wyszak-Preis<\/strong><\/p>\n<p>Andrzej G\u00f3rajek<\/p>\n<p><strong>Seglerin des Jahres<\/strong><\/p>\n<p>Halina G\u00f3rajek<\/p>\n<p><strong>Regattateilnehmer des Jahres \u2013 Kapit\u00e4n-Kazimierz-Kuba-Jaworski<\/strong><\/p>\n<p>Tadeusz Kubiak<\/p>\n<p><strong>Popularisator des Segelsports \u2013 Kapit\u00e4n-Kazimierz-Haska-Preis<\/strong><\/p>\n<p>Maciej Krzeptowski<\/p>\n<p><strong>Katze-Umbriaga-Preis<\/strong><\/p>\n<p>Przedszkole nr 27 \u201e\u017bagielek\u201d<\/p>\n<p><strong>Segelereignis des Jahres<\/strong><\/p>\n<p>Mi\u0119dzynarodowe Mistrzostwa Polskiego Stowarzyszenia Klasy Optymist w Dziwnowie 2020<\/p>\n<p><strong>Trainer des Jahres\u2013 Teodor Czarnecki-Preis<\/strong><\/p>\n<p>Jerzy Kaczor<\/p>\n<p><strong>Sonder-Segelpreis<\/strong><\/p>\n<p>Hanna Pi\u00f3rska und Tomasz Pi\u00f3rski<\/p>\n<p>&nbsp;<\/p>\n<h2>Gewinner der 2020\u00a0Ausgabe<\/h2>\n<p><strong>Kapit\u00e4n-Ludomir-M\u0105czka-Preis<br \/>\n<\/strong>Jerzy Andrzej Knabe<\/p>\n<p><strong>Seereise des Jahres \u2013 Wyszak-Preis<br \/>\n<\/strong>Wojciech Maleika<\/p>\n<p><strong>Segler des Jahres<\/strong><strong><br \/>\n<\/strong>Joanna Pajkowska<\/p>\n<p><strong>Regattateilnehmer des Jahres \u2013 Kapit\u00e4n-Kazimierz-Kuba-Jaworski<\/strong><strong><br \/>\n<\/strong>Patryk Zbroja<\/p>\n<p><strong>Popularisator des Segelsports \u2013 Kapit\u00e4n-Kazimierz-Haska-Preis<br \/>\n<\/strong>Zbigniew Kosiorowski<\/p>\n<p><strong>Katze-Umbriaga-Preis<\/strong><strong><br \/>\n<\/strong>Jakub Gu\u017alecki<\/p>\n<p><strong>Kulturpreis der Seglerstadt Szczecin<\/strong><strong><br \/>\n<\/strong>Ma\u0142gorzata Krautschneider<\/p>\n<p><strong>Segelereignis des Jahres<\/strong><strong><br \/>\n<\/strong>2019 Laser U21 European Championships<\/p>\n<p><strong>Junger Segler des Jahres<\/strong><strong><br \/>\n<\/strong>Miko\u0142aj Silny<\/p>\n<p><strong>Trainer des Jahres\u2013 Teodor Czarnecki-Preis<\/strong><strong><br \/>\n<\/strong>Dawid Zbroja<\/p>\n<p><strong>Sonder-Segelpreis<\/strong><strong><br \/>\n<\/strong>El\u017cbieta Marsza\u0142ek<\/p>\n<h2 style=\"text-align: left;\">Gewinner der 2019 Ausgabe<\/h2>\n<p style=\"text-align: left;\"><strong>Kapit\u00e4n-Ludomir-M\u0105czka-Preis<br \/>\n<\/strong>Maciej Krzeptowski<\/p>\n<p style=\"text-align: left;\"><strong>Seereise des Jahres \u2013 Wyszak-Preis<br \/>\n<\/strong>Mateusz Stodulski<\/p>\n<p style=\"text-align: left;\"><strong>Segler des Jahres<br \/>\n<\/strong>Szymon Kuczy\u0144ski<\/p>\n<p style=\"text-align: left;\"><strong>Regattateilnehmer des Jahres \u2013 Kapit\u00e4n-Kazimierz-Kuba-Jaworski<br \/>\n<\/strong>Jakub Rodziewicz<\/p>\n<p style=\"text-align: left;\"><strong>Popularisator des Segelsports \u2013 Kapit\u00e4n-Kazimierz-Haska-Preis<br \/>\n<\/strong>Zenon Szostak<\/p>\n<p style=\"text-align: left;\"><strong>Katze-Umbriaga-Preis<br \/>\n<\/strong>Sekcja \u017beglarska M\u0142odzie\u017cowego Domu Kultury w Stargardzie<\/p>\n<p style=\"text-align: left;\"><strong>Kulturpreis der Seglerstadt Szczecin<br \/>\n<\/strong>Katarzyna Wolnik-Sayna<\/p>\n<p style=\"text-align: left;\"><strong>Segelereignis des Jahres<br \/>\n<\/strong>Regaty Zeesenboot\u00f3w<\/p>\n<p style=\"text-align: left;\"><strong>Junger Segler des Jahres<br \/>\n<\/strong>Filip Mi\u0142oszewski<\/p>\n<p><strong>Trainer des Jahres<br \/>\n<\/strong>Robert Siluk<\/p>\n<p><strong>Sonder-Segelpreis<br \/>\n<\/strong>Peter Dorleijn<\/p>\n<hr \/>\n<h2 style=\"text-align: left;\">Gewinner der 2018 Ausgabe<\/h2>\n<p style=\"text-align: left;\"><strong>Kapit\u00e4n-Ludomir-M\u0105czka-Preis<br \/>\n<\/strong>Wojciech Jacobson<\/p>\n<p style=\"text-align: left;\"><strong>Seereise des Jahres \u2013 Wyszak-Preis<br \/>\n<\/strong>Kapitan W\u0142odzimierz Byli\u0144ski<\/p>\n<p style=\"text-align: left;\"><strong>Segler des Jahres<br \/>\n<\/strong>Adam Lisiecki<\/p>\n<p style=\"text-align: left;\"><strong>Regattateilnehmer des Jahres \u2013 Kapit\u00e4n-Kazimierz-Kuba-Jaworski<br \/>\n<\/strong>Agnieszka Skrzypulec und Irmina Mr\u00f3zek-Gliszczy\u0144ska<\/p>\n<p style=\"text-align: left;\"><strong>Popularisator des Segelsports \u2013 Kapit\u00e4n-Kazimierz-Haska-Preis<br \/>\n<\/strong>Wies\u0142aw Seidler<\/p>\n<p style=\"text-align: left;\"><strong>Katze-Umbriaga-Preis<br \/>\n<\/strong>Przedszkole Publiczne nr\u00a065<\/p>\n<p style=\"text-align: left;\"><strong>Kulturpreis der Seglerstadt Szczecin<br \/>\n<\/strong>Piotr Owczarski<\/p>\n<p style=\"text-align: left;\"><strong>Segelereignis<br \/>\n<\/strong>Miasto Szczecin<\/p>\n<p style=\"text-align: left;\"><strong>Junger Segler des Jahres<br \/>\n<\/strong>Izabela Jarz\u0105bek<\/p>\n<hr \/>\n<h2 style=\"text-align: left;\">Gewinner der 2017 Ausgabe<\/h2>\n<p style=\"text-align: left;\"><strong>Kapit\u00e4n-Ludomir-M\u0105czka-Preis<br \/>\n<\/strong>Wojciech Jacobson<\/p>\n<p style=\"text-align: left;\"><strong>Seereise des Jahres \u2013 Wyszak-Preis<br \/>\n<\/strong>Szymon Kuczy\u0144ski<\/p>\n<p style=\"text-align: left;\"><strong>Segler des Jahres<br \/>\n<\/strong>Cezary Wolski<\/p>\n<p style=\"text-align: left;\"><strong>Regattateilnehmer des Jahres \u2013 Kapit\u00e4n-Kazimierz-Kuba-Jaworski<br \/>\n<\/strong>Agnieszka Skrzypulec<\/p>\n<p style=\"text-align: left;\"><strong>Popularisator des Segelsports \u2013 Kapit\u00e4n-Kazimierz-Haska-Preis<br \/>\n<\/strong>Rammin Eckehardt<\/p>\n<p style=\"text-align: left;\"><strong>Katze-Umbriaga-Preis<br \/>\n<\/strong>Iga W\u00f3jcikiewicz<\/p>\n<p style=\"text-align: left;\"><strong>Kulturpreis der Seglerstadt Szczecin<br \/>\n<\/strong> \u00a0Aleksandra and Andrzej Kocewicz<\/p>\n<p style=\"text-align: left;\"><strong>Segelereignis<br \/>\n<\/strong>Europe Championship in Kamie\u0144 Pomorski<\/p>\n<p style=\"text-align: left;\"><strong>Junger Segler des Jahres<br \/>\n<\/strong>Jakub Rodziewicz<\/p>\n<p style=\"text-align: left;\"><strong>Sonder-Segelpreis<br \/>\n<\/strong>Nadir renovation \u2013 kpt. Maciej Korek<\/p>\n","protected":false},"excerpt":{"rendered":"<p>Gewinner der 2021 Ausgabe Kapit\u00e4n-Ludomir-M\u0105czka-Preis Jerzy Radomski Seereise des Jahres \u2013 Wyszak-Preis Andrzej G\u00f3rajek Seglerin des Jahres Halina G\u00f3rajek Regattateilnehmer des Jahres \u2013 Kapit\u00e4n-Kazimierz-Kuba-Jaworski Tadeusz Kubiak<span class=\"excerpt-hellip\"> [\u2026]<\/span><\/p>\n","protected":false},"author":1,"featured_media":0,"parent":0,"menu_order":27,"comment_status":"closed","ping_status":"closed","template":"","meta":{"footnotes":""},"_links":{"self":[{"href":"https:\/\/nagrodyzeglarskie.szczecin.pl\/de\/wp-json\/wp\/v2\/pages\/3886"}],"collection":[{"href":"https:\/\/nagrodyzeglarskie.szczecin.pl\/de\/wp-json\/wp\/v2\/pages"}],"about":[{"href":"https:\/\/nagrodyzeglarskie.szczecin.pl\/de\/wp-json\/wp\/v2\/types\/page"}],"author":[{"embeddable":true,"href":"https:\/\/nagrodyzeglarskie.szczecin.pl\/de\/wp-json\/wp\/v2\/users\/1"}],"replies":[{"embeddable":true,"href":"https:\/\/nagrodyzeglarskie.szczecin.pl\/de\/wp-json\/wp\/v2\/comments?post=3886"}],"version-history":[{"count":9,"href":"https:\/\/nagrodyzeglarskie.szczecin.pl\/de\/wp-json\/wp\/v2\/pages\/3886\/revisions"}],"predecessor-version":[{"id":5339,"href":"https:\/\/nagrodyzeglarskie.szczecin.pl\/de\/wp-json\/wp\/v2\/pages\/3886\/revisions\/5339"}],"wp:attachment":[{"href":"https:\/\/nagrodyzeglarskie.szczecin.pl\/de\/wp-json\/wp\/v2\/media?parent=3886"}],"curies":[{"name":"wp","href":"https:\/\/api.w.org\/{rel}","templated":true}]}}