{"id":3882,"date":"2017-11-03T09:22:18","date_gmt":"2017-11-03T09:22:18","guid":{"rendered":"http:\/\/nagrodyzeglarskie.szczecin.pl\/de\/?page_id=3882"},"modified":"2021-03-12T12:46:39","modified_gmt":"2021-03-12T12:46:39","slug":"nominierte","status":"publish","type":"page","link":"https:\/\/nagrodyzeglarskie.szczecin.pl\/de\/nominierte\/","title":{"rendered":"Nominierten"},"content":{"rendered":"<h2>Nominierten 2021<\/h2>\n<h4><strong>Kapit\u00e4n-Ludomir-M\u0105czka-Preis<\/strong><\/h4>\n<ol>\n<li>Stanis\u0142aw \u017by\u0142a<\/li>\n<li>Jerzy Radomski<\/li>\n<li>Wojciech Maleika<\/li>\n<\/ol>\n<h4><strong>Seereise des Jahres \u2013 Wyszak-Preis<\/strong><\/h4>\n<ol>\n<li>Andrzej G\u00f3rajek<\/li>\n<\/ol>\n<h4><strong>Segler des Jahres<\/strong><\/h4>\n<ol>\n<li>Wojciech Maleika<\/li>\n<li>Tomasz\u00a0 Odzioba<\/li>\n<li>Halina G\u00f3rajek<\/li>\n<\/ol>\n<h4><strong>Regattateilnehmer des Jahres \u2013 Kapit\u00e4n-Kazimierz-Kuba-Jaworski<\/strong><\/h4>\n<ol>\n<li>Oskar Sawicki<\/li>\n<li>Tomasz Odzioba<\/li>\n<li>Tadeusz Kubiak<\/li>\n<\/ol>\n<h4><strong>Popularisator des Segelsports \u2013 Kapit\u00e4n-Kazimierz-Haska-Preis<\/strong><\/h4>\n<ol>\n<li>Maciej Cylupa<\/li>\n<li>Maciej Krzeptowski<\/li>\n<li>Marek Padjas<\/li>\n<\/ol>\n<h4>Trainer des Jahres<\/h4>\n<ol>\n<li>Jerzy Kaczor<\/li>\n<li>Robert Siluk<\/li>\n<\/ol>\n<h4><strong>Segelreignis des Jahres<\/strong><\/h4>\n<ol>\n<li>Regaty Ba\u0142tyckie 2020<\/li>\n<li>Mi\u0119dzynarodowe Mistrzostwa Polskiego Stowarzyszenia Klasy Optymist w\u00a0Dziwnowie 2020<\/li>\n<li>Regaty YKP SZCZECIN CUP<\/li>\n<\/ol>\n<h4><strong>Katze-Umbriaga-Preis<\/strong><\/h4>\n<ol>\n<li>Jakub Gu\u017alecki<\/li>\n<li>Zofia Wo\u0142osz<\/li>\n<li>Przedszkole nr\u00a027 \u201e\u017bagielek\u201d<\/li>\n<\/ol>\n<h4><strong>Sonder-Segelpreis<\/strong><\/h4>\n<ol>\n<li>Hanna i\u00a0Tomasz Pi\u00f3rscy<\/li>\n<li>Izabella Kidacka<\/li>\n<li>Tadeusz Natanek<\/li>\n<\/ol>\n<hr \/>\n<h2>Nominierten<strong>\u00a02020<\/strong><\/h2>\n<h4><strong>Kapit\u00e4n-Ludomir-M\u0105czka-Preis<\/strong><\/h4>\n<ol>\n<li style=\"text-align: left;\">Jerzy Andrzej Knabe<\/li>\n<li style=\"text-align: left;\">Witold Zdrojewsk<\/li>\n<li style=\"text-align: left;\">Tristan Biega\u0144ski<\/li>\n<\/ol>\n<h4><strong>Seereise des Jahres \u2013 Wyszak-Preis<\/strong><\/h4>\n<ol>\n<li style=\"text-align: left;\">Marcin Raubo<\/li>\n<li style=\"text-align: left;\">Wojciech Maleika<\/li>\n<\/ol>\n<h4><strong>Segler des Jahres<\/strong><\/h4>\n<ol>\n<li style=\"text-align: left;\">Wojciech Maleika<\/li>\n<li style=\"text-align: left;\">Tomasz Odzioba<\/li>\n<li style=\"text-align: left;\">Joanna Pajkowska<\/li>\n<\/ol>\n<h4><strong>Regattateilnehmer des Jahres \u2013 Kapit\u00e4n-Kazimierz-Kuba-Jaworski<\/strong><\/h4>\n<ol>\n<li style=\"text-align: left;\">Patryk Zbroja<\/li>\n<li style=\"text-align: left;\">Tadeusz Kubiak<\/li>\n<li style=\"text-align: left;\">Agnieszka Skrzypulec<\/li>\n<\/ol>\n<h4><strong>Popularisator des Segelsports \u2013 Kapit\u00e4n-Kazimierz-Haska-Preis<\/strong><\/h4>\n<ol>\n<li style=\"text-align: left;\">Maciej Cylupa<\/li>\n<li style=\"text-align: left;\">Zbigniew Kosiorowski<\/li>\n<li style=\"text-align: left;\">Jaros\u0142aw Bogus\u0142awski<\/li>\n<\/ol>\n<h4><strong>Katze-Umbriaga-Preis<\/strong><\/h4>\n<ol>\n<li style=\"text-align: left;\">Jakub Gu\u017alecki<\/li>\n<li style=\"text-align: left;\">Przedszkole Publiczne nr\u00a027 \u201e\u017bagielek\u201d w\u00a0Szczecinie<\/li>\n<\/ol>\n<h4><strong>Kulturpreis der Seglerstadt Szczecin<\/strong><\/h4>\n<ol>\n<li style=\"text-align: left;\">Ma\u0142gorzata Krautschneide<\/li>\n<li style=\"text-align: left;\">Laura Ho\u0142owacz<\/li>\n<li>Jacek W\u00f3jcikiewicz<\/li>\n<\/ol>\n<h4><strong>Segelreignis des Jahres<\/strong><\/h4>\n<ol>\n<li style=\"text-align: left;\">50. Regaty o\u00a0Puchar Dnia Dziecka<\/li>\n<li style=\"text-align: left;\">Szczecin Match Race Regatta, ISAF World Cup, Grade 2<\/li>\n<li style=\"text-align: left;\">European Championship in the Laser Standard and Laser Radial classes in the category U21 &#8211; Dziwn\u00f3w 2019<\/li>\n<\/ol>\n<h4><strong>Junger Segler des Jahres<\/strong><\/h4>\n<ol>\n<li>Miko\u0142aj Silny<\/li>\n<\/ol>\n<h4>Trainer des Jahres<\/h4>\n<ol>\n<li>Robert Siluk<\/li>\n<li>Dawid Zbroja<\/li>\n<\/ol>\n<h4><strong>Sonder-Segelpreis<\/strong><\/h4>\n<ol>\n<li>Wilfried Erdmann<\/li>\n<li>El\u017cbieta Marsza\u0142ek<\/li>\n<li>Aleksander Celarek<\/li>\n<\/ol>\n<hr \/>\n<h2>Nominierten<strong> 2019<\/strong><\/h2>\n<h4><strong>Kapit\u00e4n-Ludomir-M\u0105czka-Preis<\/strong><\/h4>\n<ol>\n<li style=\"text-align: left;\">Szymon Kuczy\u0144ski<\/li>\n<li style=\"text-align: left;\">Maciej Krzeptowski<\/li>\n<li style=\"text-align: left;\">Witold Zdrojewski<\/li>\n<\/ol>\n<h4><strong>Seereise des Jahres \u2013 Wyszak-Preis<\/strong><\/h4>\n<ol>\n<li style=\"text-align: left;\">Mateusz Stodulsk<\/li>\n<li style=\"text-align: left;\">Rejsy Odkrywc\u00f3w Szlakiem Miast Partnerskich Miasta Szczecina<\/li>\n<\/ol>\n<h4><strong>Segler des Jahres<\/strong><\/h4>\n<ol>\n<li style=\"text-align: left;\">Artur Wassilewski<\/li>\n<li style=\"text-align: left;\">Szymon Kuczy\u0144ski<\/li>\n<li style=\"text-align: left;\">Andrzej G\u00f3rajek<\/li>\n<\/ol>\n<h4><strong>Regattateilnehmer des Jahres \u2013 Kapit\u00e4n-Kazimierz-Kuba-Jaworski<\/strong><\/h4>\n<ol>\n<li style=\"text-align: left;\">Jakub Rodziewicz<\/li>\n<li style=\"text-align: left;\">Patryk Zbroja<\/li>\n<li style=\"text-align: left;\">Bartosz Piotrowski z\u00a0za\u0142og\u0105 \u201eLa Besto\u201d<\/li>\n<\/ol>\n<h4><strong>Popularisator des Segelsports \u2013 Kapit\u00e4n-Kazimierz-Haska-Preis<\/strong><\/h4>\n<ol>\n<li style=\"text-align: left;\">Zenon Szostak<\/li>\n<li style=\"text-align: left;\">Hanna \u017burawska<\/li>\n<li style=\"text-align: left;\">Maciej Cylupa<\/li>\n<\/ol>\n<h4><strong>Katze-Umbriaga-Preis<\/strong><\/h4>\n<ol>\n<li style=\"text-align: left;\">Jakub Gu\u017alecki<\/li>\n<li style=\"text-align: left;\">Aleksandra Bobrowska<\/li>\n<li style=\"text-align: left;\">Sekcja \u017beglarska M\u0142odzie\u017cowego Domu Kultury w\u00a0Stargardzie<\/li>\n<\/ol>\n<h4><strong>Kulturpreis der Seglerstadt Szczecin<\/strong><\/h4>\n<ol>\n<li style=\"text-align: left;\">Pawe\u0142 Szatkowski<\/li>\n<li style=\"text-align: left;\">Ch\u00f3r Akademii Morskiej w\u00a0Szczecinie<\/li>\n<li>\u00a0Katarzyna Wolnik-Sayna<\/li>\n<\/ol>\n<h4><strong>Segelreignis des Jahres<\/strong><\/h4>\n<ol>\n<li style=\"text-align: left;\">Rejsy Odkrywc\u00f3w Szlakiem Miast Partnerskich Miasta Szczecina<\/li>\n<li style=\"text-align: left;\">Jarmark Sail \u015awinouj\u015bcie<\/li>\n<li style=\"text-align: left;\">Regaty Zeesenboot\u00f3w<\/li>\n<\/ol>\n<h4><strong>Junger Segler des Jahres<\/strong><\/h4>\n<ol>\n<li>Miko\u0142aj Silny<\/li>\n<li>Filip Mi\u0142oszewski<\/li>\n<li>Jakub Gu\u017alecki<\/li>\n<\/ol>\n<h4>Trainer des Jahres<\/h4>\n<ol>\n<li>Robert Siluk<\/li>\n<li>Grzegorz Durdy\u0144<\/li>\n<\/ol>\n<h4><strong>Sonder-Segelpreis<\/strong><\/h4>\n<ol>\n<li>Peter Dorleijn<\/li>\n<li>Sailing Centre in Szczecin<\/li>\n<li>Izabella Kidacka<\/li>\n<\/ol>\n<hr \/>\n<h2>Nominierten<strong> 2018<\/strong><\/h2>\n<h4><strong>Kapit\u00e4n-Ludomir-M\u0105czka-Preis<\/strong><\/h4>\n<ol>\n<li style=\"text-align: left;\">Zbigniew Kosiorowski<\/li>\n<li style=\"text-align: left;\">Maciej Krzeptowski<\/li>\n<li style=\"text-align: left;\">Henryk Widera<\/li>\n<\/ol>\n<h4><strong>Seereise des Jahres \u2013 Wyszak-Preis<\/strong><\/h4>\n<ol>\n<li style=\"text-align: left;\">W\u0142odzimierz Byli\u0144ski<\/li>\n<li style=\"text-align: left;\">Andrzej G\u00f3rajek<\/li>\n<\/ol>\n<h4><strong>Segler des Jahres<\/strong><\/h4>\n<ol>\n<li style=\"text-align: left;\">Andrzej G\u00f3rajek<\/li>\n<li style=\"text-align: left;\">Adam Lisiecki<\/li>\n<li style=\"text-align: left;\">Patryk Zbroja<\/li>\n<\/ol>\n<h4><strong>Regattateilnehmer des Jahres \u2013 Kapit\u00e4n-Kazimierz-Kuba-Jaworski<\/strong><\/h4>\n<ol>\n<li style=\"text-align: left;\">Robert Siluk<\/li>\n<li style=\"text-align: left;\">Agnieszka Skrzypulec<\/li>\n<li style=\"text-align: left;\">Patryk Zbroja<\/li>\n<\/ol>\n<h4><strong>Popularisator des Segelsports \u2013 Kapit\u00e4n-Kazimierz-Haska-Preis<\/strong><\/h4>\n<ol>\n<li style=\"text-align: left;\">Zbigniew Kosiorowski<\/li>\n<li style=\"text-align: left;\">Wies\u0142aw Seidler<\/li>\n<li style=\"text-align: left;\">Katarzyna Wolnik-Sayna<\/li>\n<\/ol>\n<h4><strong>Katze-Umbriaga-Preis<\/strong><\/h4>\n<ol>\n<li style=\"text-align: left;\">Micha\u0142 Jaroszek<\/li>\n<li style=\"text-align: left;\">Centrum \u017beglarskie<\/li>\n<li style=\"text-align: left;\">Przedszkole Publiczne nr 65 \u201eZatoczka\u201d<\/li>\n<\/ol>\n<h4><strong>Kulturpreis der Seglerstadt Szczecin<\/strong><\/h4>\n<ol>\n<li style=\"text-align: left;\">Laura Ho\u0142owacz<\/li>\n<li style=\"text-align: left;\">Piotr Owczarski<\/li>\n<\/ol>\n<h4><strong>Segelreignis des Jahres<\/strong><\/h4>\n<ol>\n<li style=\"text-align: left;\">Cykl Regatt Zeesenboote<\/li>\n<li style=\"text-align: left;\">Fina\u0142 regat The Tall Ships Races w Szczecinie (2017)<\/li>\n<li style=\"text-align: left;\">Szczecin Match Race<\/li>\n<\/ol>\n<h4><strong>Junger Segler des Jahres<\/strong><\/h4>\n<p>The prize will not be awarded<\/p>\n<h4><strong>Sonder-Segelpreis<\/strong><\/h4>\n<ol>\n<li>Izabela Jarz\u0105bek<\/li>\n<li>Grzegorz J\u00f3\u017awiak<\/li>\n<li>Piotr Stelmarczyk<\/li>\n<\/ol>\n<hr \/>\n<h3>Nominierten 2017<\/h3>\n<h4 style=\"text-align: left;\"><strong>Kapit\u00e4n-Ludomir-M\u0105czka-Preis<\/strong><\/h4>\n<ol>\n<li>Wojciech Jacobson<\/li>\n<li>Jerzy Kuli\u0144ski<\/li>\n<li>Henryk Widera<\/li>\n<\/ol>\n<h4 style=\"text-align: left;\"><strong>Seereise des Jahres &#8211; Wyszak-Preis<\/strong><\/h4>\n<ol>\n<li>Szymon Kuczy\u0144ski<\/li>\n<li>Miros\u0142aw Lewi\u0144ski<\/li>\n<\/ol>\n<h4 style=\"text-align: left;\"><strong>Segler des Jahres<\/strong><\/h4>\n<ol>\n<li>Miros\u0142aw Lewi\u0144ski<\/li>\n<li>Agnieszka Skrzypulec<\/li>\n<li>Cezary Wolski<\/li>\n<\/ol>\n<h4 style=\"text-align: left;\"><strong>Regattateilnehmer des Jahres &#8211; Kapit\u00e4n-Kazimierz-Kuba-Jaworski<\/strong><\/h4>\n<ol>\n<li>Robert Siluk<\/li>\n<li>Agnieszka Skrzypulec<\/li>\n<li>Patryk Zbroja<\/li>\n<\/ol>\n<h4 style=\"text-align: left;\"><strong>Popularisator des Segelsports &#8211; Kapit\u00e4n-Kazimierz-Haska-Preis<\/strong><\/h4>\n<ol>\n<li>Rammin Eckehardt<\/li>\n<li>Wies\u0142aw Seidler<\/li>\n<li>Marek \u015awiderski<\/li>\n<\/ol>\n<h4 style=\"text-align: left;\"><strong>Katze-Umbriaga-Preis<\/strong><\/h4>\n<ol>\n<li>Hanna Burdziej<\/li>\n<li>Iga W\u00f3jcikiewicz<\/li>\n<li>\u00d6ffentlicher Kindergarten 65 \u201eZatoczka\u201d<\/li>\n<\/ol>\n<h4 style=\"text-align: left;\"><strong>Kulturpreis der Seglerstadt Szczecin<\/strong><\/h4>\n<ol>\n<li>Laura Ho\u0142owacz<\/li>\n<li>Aleksandra, Andrzej Kocewicz<\/li>\n<li>Zygmunt Kowalski<\/li>\n<\/ol>\n<h4 style=\"text-align: left;\"><strong>Segelereignis<\/strong><\/h4>\n<ol>\n<li>52-stufige Touristenregatta<\/li>\n<li>Europameisterschaft in Europa Klasse in Kamie\u0144 Pomorski<\/li>\n<li>Oldtimer regatta<\/li>\n<\/ol>\n<h4 style=\"text-align: left;\"><strong>Junger Segler des Jahres<\/strong><\/h4>\n<ol>\n<li>Filip Mi\u0142oszewski<\/li>\n<li>Jakub Rodziewicz<\/li>\n<\/ol>\n<h4 style=\"text-align: left;\"><strong>Sonder-Segelpreis<\/strong><\/h4>\n<ol>\n<li>Gmina Dziwn\u00f3w<\/li>\n<li>S\/y Nadir \u2013 kpt. Maciej Korek<\/li>\n<li>S\u0142awomir Turniak<\/li>\n<\/ol>\n","protected":false},"excerpt":{"rendered":"<p>Nominierten 2021 Kapit\u00e4n-Ludomir-M\u0105czka-Preis Stanis\u0142aw \u017by\u0142a Jerzy Radomski Wojciech Maleika Seereise des Jahres \u2013 Wyszak-Preis Andrzej G\u00f3rajek Segler des Jahres Wojciech Maleika Tomasz\u00a0 Odzioba Halina G\u00f3rajek Regattateilnehmer<span class=\"excerpt-hellip\"> [\u2026]<\/span><\/p>\n","protected":false},"author":3,"featured_media":0,"parent":0,"menu_order":17,"comment_status":"closed","ping_status":"closed","template":"","meta":{"footnotes":""},"_links":{"self":[{"href":"https:\/\/nagrodyzeglarskie.szczecin.pl\/de\/wp-json\/wp\/v2\/pages\/3882"}],"collection":[{"href":"https:\/\/nagrodyzeglarskie.szczecin.pl\/de\/wp-json\/wp\/v2\/pages"}],"about":[{"href":"https:\/\/nagrodyzeglarskie.szczecin.pl\/de\/wp-json\/wp\/v2\/types\/page"}],"author":[{"embeddable":true,"href":"https:\/\/nagrodyzeglarskie.szczecin.pl\/de\/wp-json\/wp\/v2\/users\/3"}],"replies":[{"embeddable":true,"href":"https:\/\/nagrodyzeglarskie.szczecin.pl\/de\/wp-json\/wp\/v2\/comments?post=3882"}],"version-history":[{"count":10,"href":"https:\/\/nagrodyzeglarskie.szczecin.pl\/de\/wp-json\/wp\/v2\/pages\/3882\/revisions"}],"predecessor-version":[{"id":4744,"href":"https:\/\/nagrodyzeglarskie.szczecin.pl\/de\/wp-json\/wp\/v2\/pages\/3882\/revisions\/4744"}],"wp:attachment":[{"href":"https:\/\/nagrodyzeglarskie.szczecin.pl\/de\/wp-json\/wp\/v2\/media?parent=3882"}],"curies":[{"name":"wp","href":"https:\/\/api.w.org\/{rel}","templated":true}]}}